{"id":2111,"date":"2024-06-20T14:44:08","date_gmt":"2024-06-20T11:44:08","guid":{"rendered":"https:\/\/masterclass.salbekoperafestival.ro\/?page_id=2111"},"modified":"2024-08-22T17:55:18","modified_gmt":"2024-08-22T14:55:18","slug":"selectie-2024","status":"publish","type":"page","link":"https:\/\/masterclass.salbekoperafestival.ro\/ro\/selectie-2024\/","title":{"rendered":"Selec\u021bie 2024"},"content":{"rendered":"<div class=\"row\"  id=\"row-547974942\">\n\n\t<div id=\"col-1803004016\" class=\"col small-12 large-12\"  >\n\t\t\t\t<div class=\"col-inner text-center\"  >\n\t\t\t\n\t\t\t\n\t<div class=\"img has-hover x md-x lg-x y md-y lg-y\" id=\"image_1984814043\">\n\t\t\t\t\t\t\t\t<div class=\"img-inner dark\" >\n\t\t\t<img loading=\"lazy\" decoding=\"async\" width=\"1920\" height=\"720\" src=\"https:\/\/masterclass.salbekoperafestival.ro\/wp-content\/uploads\/2023\/04\/Elegant-glitter_2Ca.jpg\" class=\"attachment-original size-original\" alt=\"Salbek Opera Festival and Masterclass \u2022 Peri\u0219, Arad, Rom\u00e2nia\" srcset=\"https:\/\/masterclass.salbekoperafestival.ro\/wp-content\/uploads\/2023\/04\/Elegant-glitter_2Ca.jpg 1920w, https:\/\/masterclass.salbekoperafestival.ro\/wp-content\/uploads\/2023\/04\/Elegant-glitter_2Ca-300x113.jpg 300w, https:\/\/masterclass.salbekoperafestival.ro\/wp-content\/uploads\/2023\/04\/Elegant-glitter_2Ca-1024x384.jpg 1024w, https:\/\/masterclass.salbekoperafestival.ro\/wp-content\/uploads\/2023\/04\/Elegant-glitter_2Ca-768x288.jpg 768w, https:\/\/masterclass.salbekoperafestival.ro\/wp-content\/uploads\/2023\/04\/Elegant-glitter_2Ca-1536x576.jpg 1536w\" sizes=\"(max-width: 1920px) 100vw, 1920px\" \/>\t\t\t\t\t\t\n\t\t\t\t\t<\/div>\n\t\t\t\t\t\t\t\t\n<style>\n#image_1984814043 {\n  width: 100%;\n}\n<\/style>\n\t<\/div>\n\t\n\t\t<\/div>\n\t\t\t\t\t<\/div>\n\n\t\n\n\t<div id=\"col-1910915928\" class=\"col small-12 large-12\"  >\n\t\t\t\t<div class=\"col-inner text-center\"  >\n\t\t\t\n\t\t\t\n<h3><span style=\"font-size: 100%;\"><span style=\"font-size: 80%;\">SALBEK OPERA FESTIVAL<\/span><br \/><\/span><strong><span style=\"font-size: 100%;\">Masterclass 2024<\/span><\/strong><\/h3>\n<h1 class=\"uppercase\"><span style=\"color: #a86d2a;\">CANDIDA\u021aI ADMI\u0218I PENTRU Salbek Opera Masterclass 2024<\/span><\/h1>\n<div dir=\"ltr\"><b>Lista cursantilor selecta\u021bi pentru participarea la Salbek opera Masterclass 2024 se g\u0103se\u0219te mai jos. <br \/><\/b><b>Pentru a confirma participarea, v\u0103 rug\u0103m s\u0103 ne trimite\u021bi un r\u0103spuns p\u00e2n\u0103 pe data de 1 iulie\u00a02024.<\/b><\/div>\n<div><b>Facturile pentru plata taxei de participare vor fi emise \u00eentre 8 \u0219i 15 iulie.\u00a0<\/b><\/div>\n<div>\u00a0<\/div>\n<div>\n<p>Pentru detalii privind realizarea selec\u021biei finale a cursantilor la Salbek Opera Masterclass 2024, pute\u021bi suna la <b>+40 724 831 608<\/b>.<\/p>\n<p>Pentru detalii privind plata \u0219i logistica pentru participarea la Salbek Opera Masterclass 2024, suna\u021bi la +40 726 779 652, dup\u0103 8 iulie 2024.<\/p>\n<\/div>\n<div class=\"is-divider divider clearfix\" style=\"margin-top:25px;margin-bottom:25px;max-width:100%;\"><\/div>\n<table style=\"height: 1292px;\" width=\"446\">\n<tbody>\n<tr>\n<td width=\"67\">\n<p><strong><span style=\"font-size: 105%;\">1<\/span><\/strong><\/p>\n<\/td>\n<td width=\"206\">\n<p><strong>BALAJ SEBASTIAN<\/strong><\/p>\n<\/td>\n<td width=\"109\">\n<p>\u00a0<\/p>\n<\/td>\n<\/tr>\n<tr>\n<td width=\"67\">\n<p><strong><span style=\"font-size: 105%;\">2<\/span><\/strong><\/p>\n<\/td>\n<td width=\"206\">\n<p><strong>BALLA LAURA<\/strong><\/p>\n<\/td>\n<td width=\"109\">\n<p>\u00a0<\/p>\n<\/td>\n<\/tr>\n<tr>\n<td width=\"67\">\n<p><strong><span style=\"font-size: 105%;\">3<\/span><\/strong><\/p>\n<\/td>\n<td width=\"206\">\n<p><strong>BELIMAN VALERIA<\/strong><\/p>\n<\/td>\n<td width=\"109\">\n<p>\u00a0<\/p>\n<\/td>\n<\/tr>\n<tr>\n<td width=\"67\">\n<p><strong><span style=\"font-size: 105%;\">4<\/span><\/strong><\/p>\n<\/td>\n<td width=\"206\">\n<p><strong>BLATNICZKI DORA<\/strong><\/p>\n<\/td>\n<td width=\"109\">\n<p>\u00a0<\/p>\n<\/td>\n<\/tr>\n<tr>\n<td width=\"67\">\n<p><strong><span style=\"font-size: 105%;\">5<\/span><\/strong><\/p>\n<\/td>\n<td width=\"206\">\n<p><strong>CAZACIUC DENISA STEFANIA<\/strong><\/p>\n<\/td>\n<td width=\"109\">\n<p>\u00a0<\/p>\n<\/td>\n<\/tr>\n<tr>\n<td width=\"67\">\n<p><strong><span style=\"font-size: 105%;\">6<\/span><\/strong><\/p>\n<\/td>\n<td width=\"206\">\n<p><strong>DAMIAN MIHAI<\/strong><\/p>\n<\/td>\n<td width=\"109\">\n<p>\u00a0<\/p>\n<\/td>\n<\/tr>\n<tr>\n<td width=\"67\">\n<p><strong><span style=\"font-size: 105%;\">7<\/span><\/strong><\/p>\n<\/td>\n<td width=\"206\">\n<p><strong>HOSCO JANETKA EMILIA<\/strong><\/p>\n<\/td>\n<td width=\"109\">\n<p>\u00a0<\/p>\n<\/td>\n<\/tr>\n<tr>\n<td width=\"67\">\n<p><strong><span style=\"font-size: 105%;\">8<\/span><\/strong><\/p>\n<\/td>\n<td width=\"206\">\n<p><strong>HURJA DIANA<\/strong><\/p>\n<\/td>\n<td width=\"109\">\n<p>\u00a0<\/p>\n<\/td>\n<\/tr>\n<tr>\n<td width=\"67\">\n<p><strong><span style=\"font-size: 105%;\">9<\/span><\/strong><\/p>\n<\/td>\n<td width=\"206\">\n<p><strong>ILINCAI NICOLAE<\/strong><\/p>\n<\/td>\n<td width=\"109\">\n<p>\u00a0<\/p>\n<\/td>\n<\/tr>\n<tr>\n<td width=\"67\">\n<p><strong><span style=\"font-size: 105%;\">10<\/span><\/strong><\/p>\n<\/td>\n<td width=\"206\">\n<p><strong>JIMENEZ MORAL VICTOR<\/strong><\/p>\n<\/td>\n<td width=\"109\">\n<p>\u00a0<\/p>\n<\/td>\n<\/tr>\n<tr>\n<td width=\"67\">\n<p><strong><span style=\"font-size: 105%;\">11<\/span><\/strong><\/p>\n<\/td>\n<td width=\"206\">\n<p><strong>MARINACHE ANDREI<\/strong><\/p>\n<\/td>\n<td width=\"109\">\n<p>\u00a0<\/p>\n<\/td>\n<\/tr>\n<tr>\n<td width=\"67\">\n<p><strong><span style=\"font-size: 105%;\">12<\/span><\/strong><\/p>\n<\/td>\n<td width=\"206\">\n<p><strong>MIHALI SARA MARIA<\/strong><\/p>\n<\/td>\n<td width=\"109\">\n<p>\u00a0<\/p>\n<\/td>\n<\/tr>\n<tr>\n<td width=\"67\">\n<p><strong><span style=\"font-size: 105%;\">13<\/span><\/strong><\/p>\n<\/td>\n<td width=\"206\">\n<p><strong>PANTIN MILITA<\/strong><\/p>\n<\/td>\n<td width=\"109\">\n<p>\u00a0<\/p>\n<\/td>\n<\/tr>\n<tr>\n<td width=\"67\">\n<p><strong><span style=\"font-size: 105%;\">14<\/span><\/strong><\/p>\n<\/td>\n<td width=\"206\">\n<p><strong>PETRE ANDREI<\/strong><\/p>\n<\/td>\n<td width=\"109\">\n<p>\u00a0<\/p>\n<\/td>\n<\/tr>\n<tr>\n<td width=\"67\">\n<p><strong><span style=\"font-size: 105%;\">15<\/span><\/strong><\/p>\n<\/td>\n<td width=\"206\">\n<p><strong>SCARLAT MIHAI<\/strong><\/p>\n<\/td>\n<td width=\"109\">\n<p>\u00a0<\/p>\n<\/td>\n<\/tr>\n<tr>\n<td width=\"67\">\n<p><strong><span style=\"font-size: 105%;\">16<\/span><\/strong><\/p>\n<\/td>\n<td width=\"206\">\n<p><strong>SEBASTIAN ARON MARIUS<\/strong><\/p>\n<\/td>\n<td width=\"109\">\n<p>\u00a0<\/p>\n<\/td>\n<\/tr>\n<tr>\n<td width=\"67\">\n<p><strong><span style=\"font-size: 105%;\">17<\/span><\/strong><\/p>\n<\/td>\n<td width=\"206\">\n<p><strong><span style=\"font-size: 105%;\">SELARIU ROXANA<\/span><\/strong><\/p>\n<\/td>\n<td width=\"109\">\n<p>\u00a0<\/p>\n<\/td>\n<\/tr>\n<tr>\n<td width=\"67\">\n<p><strong><span style=\"font-size: 105%;\">18<\/span><\/strong><\/p>\n<\/td>\n<td width=\"206\">\n<p><strong>STEFAN (ROBU) RODICA<\/strong><\/p>\n<\/td>\n<td width=\"109\">\n<p>\u00a0<\/p>\n<\/td>\n<\/tr>\n<tr>\n<td width=\"67\">\n<p><strong><span style=\"font-size: 105%;\">19<\/span><\/strong><\/p>\n<\/td>\n<td width=\"206\">\n<p><strong>TANASE ALEXANDRA<\/strong><\/p>\n<\/td>\n<td width=\"109\">\n<p>\u00a0<\/p>\n<\/td>\n<\/tr>\n<tr>\n<td width=\"67\">\n<p><strong><span style=\"font-size: 105%;\">20<\/span><\/strong><\/p>\n<\/td>\n<td width=\"206\">\n<p><strong>TURKOZ ANASTASIA<\/strong><\/p>\n<\/td>\n<td width=\"109\">\n<p>\u00a0<\/p>\n<\/td>\n<\/tr>\n<tr>\n<td width=\"67\">\n<p><strong><span style=\"font-size: 105%;\">21<\/span><\/strong><\/p>\n<\/td>\n<td width=\"206\">\n<p><strong>UHLMANN EVE<\/strong><\/p>\n<\/td>\n<td width=\"109\">\n<p>\u00a0<\/p>\n<\/td>\n<\/tr>\n<tr>\n<td width=\"67\">\n<p><strong><span style=\"font-size: 105%;\">22<\/span><\/strong><\/p>\n<\/td>\n<td width=\"206\">\n<p><strong>ZAMBRANO ALVARO<\/strong><\/p>\n<\/td>\n<td width=\"109\">\n<p>\u00a0<\/p>\n<\/td>\n<\/tr>\n<tr>\n<td width=\"67\">\n<p><strong><span style=\"font-size: 105%;\">23<\/span><\/strong><\/p>\n<\/td>\n<td width=\"206\">\n<p><strong>ZAMFIRA ALEXANDRA<\/strong><\/p>\n<\/td>\n<td width=\"109\">\n<p>\u00a0<\/p>\n<\/td>\n<\/tr>\n<tr>\n<td width=\"67\">\n<p><strong><span style=\"font-size: 105%;\">24<\/span><\/strong><\/p>\n<\/td>\n<td width=\"206\">\n<p><strong>LUPU DARIA<\/strong><\/p>\n<\/td>\n<td width=\"109\">\n<p>\u00a0<\/p>\n<\/td>\n<\/tr>\n<\/tbody>\n<\/table>\n<p>\u00a0<\/p>\n\t<div id=\"gap-2006302061\" class=\"gap-element clearfix\" style=\"display:block; height:auto;\">\n\t\t\n<style>\n#gap-2006302061 {\n  padding-top: 75px;\n}\n<\/style>\n\t<\/div>\n\t\n<div class=\"is-divider divider clearfix\" style=\"margin-top:0px;margin-bottom:0px;max-width:100%;height:10px;\"><\/div>\n\t\t<\/div>\n\t\t\t\t\t<\/div>\n\n\t\n\n<\/div>\n","protected":false},"excerpt":{"rendered":"","protected":false},"author":1,"featured_media":769,"parent":0,"menu_order":0,"comment_status":"closed","ping_status":"closed","template":"","meta":{"footnotes":""},"_links":{"self":[{"href":"https:\/\/masterclass.salbekoperafestival.ro\/ro\/wp-json\/wp\/v2\/pages\/2111"}],"collection":[{"href":"https:\/\/masterclass.salbekoperafestival.ro\/ro\/wp-json\/wp\/v2\/pages"}],"about":[{"href":"https:\/\/masterclass.salbekoperafestival.ro\/ro\/wp-json\/wp\/v2\/types\/page"}],"author":[{"embeddable":true,"href":"https:\/\/masterclass.salbekoperafestival.ro\/ro\/wp-json\/wp\/v2\/users\/1"}],"replies":[{"embeddable":true,"href":"https:\/\/masterclass.salbekoperafestival.ro\/ro\/wp-json\/wp\/v2\/comments?post=2111"}],"version-history":[{"count":6,"href":"https:\/\/masterclass.salbekoperafestival.ro\/ro\/wp-json\/wp\/v2\/pages\/2111\/revisions"}],"predecessor-version":[{"id":2312,"href":"https:\/\/masterclass.salbekoperafestival.ro\/ro\/wp-json\/wp\/v2\/pages\/2111\/revisions\/2312"}],"wp:featuredmedia":[{"embeddable":true,"href":"https:\/\/masterclass.salbekoperafestival.ro\/ro\/wp-json\/wp\/v2\/media\/769"}],"wp:attachment":[{"href":"https:\/\/masterclass.salbekoperafestival.ro\/ro\/wp-json\/wp\/v2\/media?parent=2111"}],"curies":[{"name":"wp","href":"https:\/\/api.w.org\/{rel}","templated":true}]}}