{"id":581,"date":"2023-06-12T08:21:23","date_gmt":"2023-06-12T08:21:23","guid":{"rendered":"https:\/\/masterclass.salbekoperafestival.ro\/form\/"},"modified":"2023-08-18T15:39:34","modified_gmt":"2023-08-18T15:39:34","slug":"selectie-2023","status":"publish","type":"page","link":"https:\/\/masterclass.salbekoperafestival.ro\/ro\/selectie-2023\/","title":{"rendered":"Selec\u021bie 2023"},"content":{"rendered":"<div class=\"row\"  id=\"row-1943827383\">\n\n\t<div id=\"col-1650935716\" class=\"col small-12 large-12\"  >\n\t\t\t\t<div class=\"col-inner text-center\"  >\n\t\t\t\n\t\t\t\n\t<div class=\"img has-hover x md-x lg-x y md-y lg-y\" id=\"image_441189485\">\n\t\t\t\t\t\t\t\t<div class=\"img-inner dark\" >\n\t\t\t<img loading=\"lazy\" decoding=\"async\" width=\"1920\" height=\"720\" src=\"https:\/\/masterclass.salbekoperafestival.ro\/wp-content\/uploads\/2023\/04\/Elegant-glitter_2Ca.jpg\" class=\"attachment-original size-original\" alt=\"Salbek Opera Festival and Masterclass \u2022 Peri\u0219, Arad, Rom\u00e2nia\" srcset=\"https:\/\/masterclass.salbekoperafestival.ro\/wp-content\/uploads\/2023\/04\/Elegant-glitter_2Ca.jpg 1920w, https:\/\/masterclass.salbekoperafestival.ro\/wp-content\/uploads\/2023\/04\/Elegant-glitter_2Ca-300x113.jpg 300w, https:\/\/masterclass.salbekoperafestival.ro\/wp-content\/uploads\/2023\/04\/Elegant-glitter_2Ca-1024x384.jpg 1024w, https:\/\/masterclass.salbekoperafestival.ro\/wp-content\/uploads\/2023\/04\/Elegant-glitter_2Ca-768x288.jpg 768w, https:\/\/masterclass.salbekoperafestival.ro\/wp-content\/uploads\/2023\/04\/Elegant-glitter_2Ca-1536x576.jpg 1536w\" sizes=\"(max-width: 1920px) 100vw, 1920px\" \/>\t\t\t\t\t\t\n\t\t\t\t\t<\/div>\n\t\t\t\t\t\t\t\t\n<style>\n#image_441189485 {\n  width: 100%;\n}\n<\/style>\n\t<\/div>\n\t\n\t\t<\/div>\n\t\t\t\t\t<\/div>\n\n\t\n\n\t<div id=\"col-321817874\" class=\"col small-12 large-12\"  >\n\t\t\t\t<div class=\"col-inner text-center\"  >\n\t\t\t\n\t\t\t\n<h3><span style=\"font-size: 100%;\"><span style=\"font-size: 80%;\">SALBEK OPERA FESTIVAL<\/span><br \/><\/span><strong><span style=\"font-size: 100%;\">Masterclass 2023<\/span><\/strong><\/h3>\n<h1 class=\"uppercase\"><span style=\"color: #a86d2a;\">CANDIDA\u021aI ADMI\u0218I PENTRU Salbek Opera Masterclass 2023<\/span><\/h1>\n<div class=\"is-divider divider clearfix\" style=\"margin-top:25px;margin-bottom:25px;max-width:100%;\"><\/div>\n<table>\n<tbody>\n<tr>\n<td width=\"67\">\n<p><strong><span style=\"font-size: 105%;\">1<\/span><\/strong><\/p>\n<\/td>\n<td width=\"206\">\n<p><strong><span style=\"font-size: 105%;\">ADETU EDITH<\/span><\/strong><\/p>\n<\/td>\n<td width=\"109\">\n<p><strong><span style=\"font-size: 105%;\">sopran\u0103<\/span><\/strong><\/p>\n<\/td>\n<\/tr>\n<tr>\n<td width=\"67\">\n<p><strong><span style=\"font-size: 105%;\">2<\/span><\/strong><\/p>\n<\/td>\n<td width=\"206\">\n<p><strong><span style=\"font-size: 105%;\">BELIMAN VALERIA<\/span><\/strong><\/p>\n<\/td>\n<td width=\"109\">\n<p><strong><span style=\"font-size: 105%;\">sopran\u0103<\/span><\/strong><\/p>\n<\/td>\n<\/tr>\n<tr>\n<td width=\"67\">\n<p><strong><span style=\"font-size: 105%;\">3<\/span><\/strong><\/p>\n<\/td>\n<td width=\"206\">\n<p><strong><span style=\"font-size: 105%;\">BETEAG ANTONIA<\/span><\/strong><\/p>\n<\/td>\n<td width=\"109\">\n<p><strong><span style=\"font-size: 105%;\">sopran\u0103<\/span><\/strong><\/p>\n<\/td>\n<\/tr>\n<tr>\n<td width=\"67\">\n<p><strong><span style=\"font-size: 105%;\">4<\/span><\/strong><\/p>\n<\/td>\n<td width=\"206\">\n<p><strong><span style=\"font-size: 105%;\">BUCUR ANDREEA<\/span><\/strong><\/p>\n<\/td>\n<td width=\"109\">\n<p><strong><span style=\"font-size: 105%;\">sopran\u0103<\/span><\/strong><\/p>\n<\/td>\n<\/tr>\n<tr>\n<td width=\"67\">\n<p><strong><span style=\"font-size: 105%;\">5<\/span><\/strong><\/p>\n<\/td>\n<td width=\"206\">\n<p><strong><span style=\"font-size: 105%;\">DIKUSAR IVAN<\/span><\/strong><\/p>\n<\/td>\n<td width=\"109\">\n<p><strong><span style=\"font-size: 105%;\">bas<\/span><\/strong><\/p>\n<\/td>\n<\/tr>\n<tr>\n<td width=\"67\">\n<p><strong><span style=\"font-size: 105%;\">6<\/span><\/strong><\/p>\n<\/td>\n<td width=\"206\">\n<p><strong><span style=\"font-size: 105%;\">GARABAJII SERGIU<\/span><\/strong><\/p>\n<\/td>\n<td width=\"109\">\n<p><strong><span style=\"font-size: 105%;\">bariton<\/span><\/strong><\/p>\n<\/td>\n<\/tr>\n<tr>\n<td width=\"67\">\n<p><strong><span style=\"font-size: 105%;\">7<\/span><\/strong><\/p>\n<\/td>\n<td width=\"206\">\n<p><strong><span style=\"font-size: 105%;\">IANCU MIRUNA<\/span><\/strong><\/p>\n<\/td>\n<td width=\"109\">\n<p><strong><span style=\"font-size: 105%;\">sopran\u0103<\/span><\/strong><\/p>\n<\/td>\n<\/tr>\n<tr>\n<td width=\"67\">\n<p><strong><span style=\"font-size: 105%;\">8<\/span><\/strong><\/p>\n<\/td>\n<td width=\"206\">\n<p><strong><span style=\"font-size: 105%;\">MARINACHE ANDREI<\/span><\/strong><\/p>\n<\/td>\n<td width=\"109\">\n<p><strong><span style=\"font-size: 105%;\">bariton<\/span><\/strong><\/p>\n<\/td>\n<\/tr>\n<tr>\n<td width=\"67\">\n<p><strong><span style=\"font-size: 105%;\">9<\/span><\/strong><\/p>\n<\/td>\n<td width=\"206\">\n<p><strong><span style=\"font-size: 105%;\">MIHAI DAMIAN<\/span><\/strong><\/p>\n<\/td>\n<td width=\"109\">\n<p><strong><span style=\"font-size: 105%;\">bariton<\/span><\/strong><\/p>\n<\/td>\n<\/tr>\n<tr>\n<td width=\"67\">\n<p><strong><span style=\"font-size: 105%;\">10<\/span><\/strong><\/p>\n<\/td>\n<td width=\"206\">\n<p><strong><span style=\"font-size: 105%;\">MIH\u0102IL\u0102 SILVIU ALEXANDRU<\/span><\/strong><\/p>\n<\/td>\n<td width=\"109\">\n<p><strong><span style=\"font-size: 105%;\">bariton<\/span><\/strong><\/p>\n<\/td>\n<\/tr>\n<tr>\n<td width=\"67\">\n<p><strong><span style=\"font-size: 105%;\">11<\/span><\/strong><\/p>\n<\/td>\n<td width=\"206\">\n<p><strong><span style=\"font-size: 105%;\">NOEMI ONUCU<\/span><\/strong><\/p>\n<\/td>\n<td width=\"109\">\n<p><strong><span style=\"font-size: 105%;\">sopran\u0103<\/span><\/strong><\/p>\n<\/td>\n<\/tr>\n<tr>\n<td width=\"67\">\n<p><strong><span style=\"font-size: 105%;\">12<\/span><\/strong><\/p>\n<\/td>\n<td width=\"206\">\n<p><strong><span style=\"font-size: 105%;\">P\u0102DUROIU ELENA (BADEA)<\/span><\/strong><\/p>\n<\/td>\n<td width=\"109\">\n<p><strong><span style=\"font-size: 105%;\">sopran\u0103<\/span><\/strong><\/p>\n<\/td>\n<\/tr>\n<tr>\n<td width=\"67\">\n<p><strong><span style=\"font-size: 105%;\">13<\/span><\/strong><\/p>\n<\/td>\n<td width=\"206\">\n<p><strong><span style=\"font-size: 105%;\">QINGYUE YANG<\/span><\/strong><\/p>\n<\/td>\n<td width=\"109\">\n<p><strong><span style=\"font-size: 105%;\">tenor<\/span><\/strong><\/p>\n<\/td>\n<\/tr>\n<tr>\n<td width=\"67\">\n<p><strong><span style=\"font-size: 105%;\">14<\/span><\/strong><\/p>\n<\/td>\n<td width=\"206\">\n<p><strong><span style=\"font-size: 105%;\">STAMATE ALINA M\u0102LINA<\/span><\/strong><\/p>\n<\/td>\n<td width=\"109\">\n<p><strong><span style=\"font-size: 105%;\">sopran\u0103<\/span><\/strong><\/p>\n<\/td>\n<\/tr>\n<tr>\n<td width=\"67\">\n<p><strong><span style=\"font-size: 105%;\">15<\/span><\/strong><\/p>\n<\/td>\n<td width=\"206\">\n<p><strong><span style=\"font-size: 105%;\">\u0218ELARIU ROXANA<\/span><\/strong><\/p>\n<\/td>\n<td width=\"109\">\n<p><strong><span style=\"font-size: 105%;\">sopran\u0103<\/span><\/strong><\/p>\n<\/td>\n<\/tr>\n<tr>\n<td width=\"67\">\n<p><strong><span style=\"font-size: 105%;\">16<\/span><\/strong><\/p>\n<\/td>\n<td width=\"206\">\n<p><strong><span style=\"font-size: 105%;\">VAN MAL ELISA ANNA MARIA<\/span><\/strong><\/p>\n<\/td>\n<td width=\"109\">\n<p><strong><span style=\"font-size: 105%;\">mezzo-sopran\u0103<\/span><\/strong><\/p>\n<\/td>\n<\/tr>\n<tr>\n<td width=\"67\">\n<p><strong><span style=\"font-size: 105%;\">17<\/span><\/strong><\/p>\n<\/td>\n<td width=\"206\">\n<p><strong><span style=\"font-size: 105%;\">V\u00ceRBAN MIHAELA<\/span><\/strong><\/p>\n<\/td>\n<td width=\"109\">\n<p><strong><span style=\"font-size: 105%;\">sopran\u0103<\/span><\/strong><\/p>\n<\/td>\n<\/tr>\n<tr>\n<td width=\"67\">\n<p><strong><span style=\"font-size: 105%;\">18<\/span><\/strong><\/p>\n<\/td>\n<td width=\"206\">\n<p><strong><span style=\"font-size: 105%;\">XINTONG LIU<\/span><\/strong><\/p>\n<\/td>\n<td width=\"109\">\n<p><strong><span style=\"font-size: 105%;\">sopran\u0103<\/span><\/strong><\/p>\n<\/td>\n<\/tr>\n<tr>\n<td width=\"67\">\n<p><strong><span style=\"font-size: 105%;\">19<\/span><\/strong><\/p>\n<\/td>\n<td width=\"206\">\n<p><strong><span style=\"font-size: 105%;\">BLATNICZI DORA<\/span><\/strong><\/p>\n<\/td>\n<td width=\"109\">\n<p><strong><span style=\"font-size: 105%;\">mezzo-sopran\u0103<\/span><\/strong><\/p>\n<\/td>\n<\/tr>\n<tr>\n<td width=\"67\">\n<p><strong><span style=\"font-size: 105%;\">20<\/span><\/strong><\/p>\n<\/td>\n<td width=\"206\">\n<p><strong><span style=\"font-size: 105%;\">FIERARU CRISTINA<\/span><\/strong><\/p>\n<\/td>\n<td width=\"109\">\n<p><strong><span style=\"font-size: 105%;\">sopran\u0103<\/span><\/strong><\/p>\n<\/td>\n<\/tr>\n<tr>\n<td width=\"67\">\n<p><strong><span style=\"font-size: 105%;\">21<\/span><\/strong><\/p>\n<\/td>\n<td width=\"206\">\n<p><strong><span style=\"font-size: 105%;\">M\u0102L\u0102ERU RALUCA<\/span><\/strong><\/p>\n<\/td>\n<td width=\"109\">\n<p><strong><span style=\"font-size: 105%;\">sopran\u0103<\/span><\/strong><\/p>\n<\/td>\n<\/tr>\n<tr>\n<td width=\"67\">\n<p><strong><span style=\"font-size: 105%;\">22<\/span><\/strong><\/p>\n<\/td>\n<td width=\"206\">\n<p><strong><span style=\"font-size: 105%;\">PANTIN MILI\u021aA<\/span><\/strong><\/p>\n<\/td>\n<td width=\"109\">\n<p><strong><span style=\"font-size: 105%;\">sopran\u0103<\/span><\/strong><\/p>\n<\/td>\n<\/tr>\n<\/tbody>\n<\/table>\n<h4>\u00a0<\/h4>\n<p>\u00a0<\/p>\n<p><strong><span style=\"font-size: 105%;\">For further details on paying for and getting to the Salbek Opera Masterclass 2023 call <a href=\"tel:+40726779652\">+40 726 779 652<\/a>.<\/span><\/strong><\/p>\n<p><strong><span style=\"font-size: 105%;\">For further details on the final selection of Salbek Opera Masterclass 2023 students call <a href=\"tel:+40722231133\">+40 722 231 133<\/a>.<\/span><\/strong><\/p>\n<p>\u00a0<\/p>\n<p><strong>Pentru detalii privind plata \u0219i logistica pentru participarea la Salbek Opera Masterclass 2023, suna\u021bi la <a href=\"tel:+40726779652\">+40 726 779 652<\/a>.<\/strong><\/p>\n<p><span style=\"font-size: 105%;\">Pentru detalii privind realizarea selec\u021biei finale a cursantilor la Salbek Opera Masterclass 2023, pute\u021bi suna la <a href=\"tel:+40722231133\">+40 722 231 133<\/a>.<\/span><\/p>\n\t<div id=\"gap-913999489\" class=\"gap-element clearfix\" style=\"display:block; height:auto;\">\n\t\t\n<style>\n#gap-913999489 {\n  padding-top: 75px;\n}\n<\/style>\n\t<\/div>\n\t\n<div class=\"is-divider divider clearfix\" style=\"margin-top:0px;margin-bottom:0px;max-width:100%;height:10px;\"><\/div>\n\t<div id=\"gap-1628743495\" class=\"gap-element clearfix\" style=\"display:block; height:auto;\">\n\t\t\n<style>\n#gap-1628743495 {\n  padding-top: 30px;\n}\n<\/style>\n\t<\/div>\n\t\n<p><span style=\"font-size: 120%; color: #1c7740;\"><strong>Mae\u0219trii: <\/strong><strong>Ruxandra Donose, Ramon Vargas and Leontina V\u0103duva<\/strong><br \/>Pian: Angela Balici, Ioana Maxim, Clementina Ciucu-Ristea<\/span><\/p>\n\t<div id=\"gap-351252626\" class=\"gap-element clearfix\" style=\"display:block; height:auto;\">\n\t\t\n<style>\n#gap-351252626 {\n  padding-top: 10px;\n}\n<\/style>\n\t<\/div>\n\t\n<div class=\"is-divider divider clearfix\" style=\"margin-top:0px;margin-bottom:0px;max-width:100%;height:10px;\"><\/div>\n\t<div id=\"gap-849664119\" class=\"gap-element clearfix\" style=\"display:block; height:auto;\">\n\t\t\n<style>\n#gap-849664119 {\n  padding-top: 75px;\n}\n<\/style>\n\t<\/div>\n\t\n\t\t<\/div>\n\t\t\t\t\t<\/div>\n\n\t\n\n<\/div>\n<div class=\"row\"  id=\"row-1015799191\">\n\n\t<div id=\"col-1738557209\" class=\"col small-12 large-12\"  >\n\t\t\t\t<div class=\"col-inner text-center\"  >\n\t\t\t\n\t\t\t\n<h3><span style=\"font-size: 100%;\"><span style=\"font-size: 80%;\">07 IULIE 2023<\/span><br \/><\/span><strong><span style=\"font-size: 100%;\">Selec\u021bie Masterclass 2023<\/span><\/strong><\/h3>\n<h2 class=\"uppercase\"><span style=\"color: #a86d2a; font-size: 85%;\"><span style=\"text-decoration: underline;\">22 tineri<\/span> cu v\u00e2rste \u00eentre 18 \u0219i 30 de ani vor studia pe Domeniul Castelului Salbek, la Petri\u0219, jude\u021bul Arad, \u00eencep\u00e2nd cu 23 august<\/span><\/h2>\n<div class=\"is-divider divider clearfix\" style=\"margin-top:25px;margin-bottom:25px;max-width:100%;\"><\/div>\n<p style=\"text-align: left;\"><span style=\"font-size: 105%;\"><em>&#8222;A fost foarte dificil s\u0103 select\u0103m \u00eentre at\u00e2\u021bia candida\u021bi foarte buni care s-au \u00eenscris pentru a participa la acest masterclass. Ne-a luat prin surprindere num\u0103rul mare de \u00eenscrieri \u0219i ne bucur\u0103m c\u0103 aceste cursuri premium pe care le vom oferi vor avea loc \u00eentr-un spa\u021biu perfect pentru studiu \u0219i creare de viitori mae\u0219tri&#8221;<\/em>, spune mezzosoprana Ruxandra Donose.<\/span><\/p>\n<p style=\"text-align: left;\"><span style=\"font-size: 105%;\"><em>&#8222;Abia a\u0219tept s\u0103 ajung \u00een Rom\u00e2nia s\u0103 m\u0103 \u00eent\u00e2lnesc cu tinerii pe care i-am selectat. Am fost impresionat de poten\u021bialul lor \u0219i sunt sigur c\u0103 se vor dezvolta precum lutul \u00een m\u00e2inile artistului&#8221;<\/em>, spune tenorul Ramon Vargas.<\/span><\/p>\n<p style=\"text-align: left;\"><span style=\"font-size: 105%;\"><em>&#8222;Lucrul cu tinerii \u00ee\u021bi d\u0103 energie, bucurie, entuziasmul de a descoperi noi \u0219i noi talente. A\u0219a c\u0103, eu consider aceste zile de studiu un c\u00e2\u0219tig de ambele p\u0103r\u021bi, at\u00e2t pentru cursan\u021bi, c\u00e2t \u0219i pentru mae\u0219tri. S\u0103 ai un astfel de loc, \u00een inima naturii, unde nu se aude altceva dec\u00e2t muzica ta \u0219i a copacilor din jur, este \u00eentr-adev\u0103r o experien\u021b\u0103 unic\u0103&#8221;<\/em>, spune soprana Leontina V\u0103duva.<\/span><\/p>\n<p style=\"text-align: left;\"><span style=\"font-size: 105%;\">Mae\u0219trii Ruxandra Donose, Ramon Vargas \u0219i Leontina V\u0103duva i-au selec\u021bionat pe cei 22 de viitori cursan\u021bi din \u00eentreaga lume care vor participa, \u00een perioada 23-27 august, la International Salbek Opera Masterclass, primul curs de m\u0103iestrie de acest gen din Rom\u00e2nia, care se va desf\u0103\u015fura pe Domeniul Castelului Salbek, la Petri\u0219, jude\u021bul Arad, ultima zi av\u00e2nd loc la Arad, unde ace\u015ftia vor participa la Gala Salbek Opera Festival, o gal\u0103 de oper\u0103 \u00een aer liber cu Orchestra Filarmonicii de Stat din Arad, dirijat\u0103 de David Crescenzi, ce va avea loc \u00een fa\u0163a Prim\u0103riei.<\/span><\/p>\n<div class=\"is-divider divider clearfix\" style=\"margin-top:25px;margin-bottom:25px;max-width:100%;\"><\/div>\n\t\t<\/div>\n\t\t\t\t\t<\/div>\n\n\t\n\n\t<div id=\"col-872234622\" class=\"col small-12 large-12\"  >\n\t\t\t\t<div class=\"col-inner text-center\"  >\n\t\t\t\n\t\t\t\n<h3><span style=\"font-size: 100%;\"><span style=\"font-size: 80%;\">12 IUNIE 2023<\/span><br \/><\/span><strong><span style=\"font-size: 100%;\">Selec\u021bie Masterclass 2023<\/span><\/strong><\/h3>\n<h2 class=\"uppercase\"><span style=\"color: #a86d2a; font-size: 85%;\">20 de tineri muzicieni vor studia cu Ruxandra Donose, Ramon Vargas \u0218i Leontina V\u0102duva la International Salbek Opera Masterclass<\/span><\/h2>\n<div class=\"is-divider divider clearfix\" style=\"margin-top:25px;margin-bottom:25px;max-width:100%;\"><\/div>\n<p style=\"text-align: left;\"><span style=\"font-size: 105%;\">Mae\u0219trii <strong>Ruxandra Donose, Ramon Vargas <\/strong>\u0219i <strong>Leontina V\u0103duva<\/strong> au selec\u021bionat <strong>20 de viitori cursan\u021bi <\/strong>din \u00eentreaga lume care vor participa, \u00een perioada<strong> 23-27 august 2023,<\/strong> la <strong><em>International Salbek Opera Masterclass, <\/em><\/strong>primul curs de m\u0103iestrie de acest gen din Rom\u00e2nia, care se va desf\u0103\u015fura \u00eentr-un cadru de poveste,<strong> pe Domeniul Castelului Salbek, la Petri\u0219, jude\u021bul Arad.<\/strong><\/span><\/p>\n<p style=\"text-align: left;\"><span style=\"font-size: 105%;\">Lista celor<strong> 20 de tineri <\/strong>cu v\u00e2rste \u00eentre 18 \u0219i 30 de ani, selec\u021biona\u021bi dintr-un total de <strong>50 de muzicieni \u00eenscri\u0219i<\/strong>, care vor avea \u0219ansa de a fi \u00eendruma\u0163i de cei trei soli\u0219ti lirici de anvergur\u0103 interna\u021bional\u0103, este vizibil\u0103 mai sus, publicat\u0103 pe site la adresa <a href=\"https:\/\/masterclass.salbekoperafestival.ro\/ro\/selectie-2023\">https:\/\/masterclass.salbekoperafestival.ro\/ro\/selectie-2023<\/a><\/span><\/p>\n<blockquote>\n<p style=\"text-align: left;\"><span style=\"font-size: 105%;\"><em>&#8222;A fost foarte dificil s\u0103 select\u0103m \u00eentre at\u00e2\u021bia candida\u021bi foarte buni care s-au \u00eenscris pentru a participa la acest masterclass. Ne-a luat prin surprindere num\u0103rul mare de \u00eenscrieri \u0219i ne bucur\u0103m c\u0103 aceste cursuri premium pe care le vom oferi vor avea loc \u00eentr-un spa\u021biu perfect pentru studiu \u0219i creare de viitori mae\u0219tri.&#8221; \u2013<\/em> mezzosoprana Ruxandra Donose<\/span><\/p>\n<\/blockquote>\n<p>\u00a0<\/p>\n<p style=\"text-align: left;\"><span style=\"font-size: 105%;\">De altfel, <strong>unul dintre atuurile acestui program<\/strong> const\u0103 \u00een locul special ales de organizatori, Asocia\u021bia Castel Salbek, pentru aceste cursuri:<\/span><\/p>\n<blockquote>\n<p style=\"text-align: left;\"><span style=\"font-size: 105%;\"><em>&#8222;Parcul din jurul castelului are numero\u0219i arbori printre care \u0219i c\u00e2\u021biva stejari seculari. Doar pronun\u021b\u00e2nd asta m\u0103 g\u00e2ndesc ce spa\u021biu deosebit de studiu se poate crea. Aceast\u0103 tab\u0103r\u0103 artistic\u0103 reprezint\u0103 doar un prim pas \u00een \u00eencerc\u0103rile noastre de a reda vechea splendoare Castelului Salbek, unul dintre cele mai frumoase castele din vestul Rom\u00e2niei. Totodat\u0103, ne propunem s\u0103 dezvolt\u0103m activit\u0103\u021bi culturale \u00een zon\u0103, cu ajutorul c\u0103rora s\u0103 ajut\u0103m \u0219i la dezvoltarea comunit\u0103\u021bilor locale.&#8221; <\/em>\u2013 Ana Maria Mih\u0103escu, pre\u0219edintele Asocia\u021biei Salbek<\/span><\/p>\n<\/blockquote>\n<p style=\"text-align: left;\"><span style=\"font-size: 105%;\"><em>\u00a0<\/em><em> \u00a0\u00a0\u00a0\u00a0\u00a0\u00a0<\/em><\/span><\/p>\n<p style=\"text-align: left;\"><span style=\"font-size: 105%;\"><strong>International Salbek Opera Masterclass<\/strong> se va desf\u0103\u015fura \u00een perioada <strong>23-27 august 2023, pe Domeniul Castelului Salbek, la Petri\u0219, \u00een jude\u021bul Arad<\/strong> \u0219i se va \u00eencheia cu o <strong>Gal\u0103 Extraordinar\u0103 de Oper\u0103 \u00een Pia\u0163a Prim\u0103riei din Arad<\/strong>, \u00een aer liber, pe <strong>27 august<\/strong>, cu <strong>Orchestra Filarmonicii din Arad<\/strong>, dirijor <strong>David Crescenzi<\/strong>, soli\u0219ti <strong>Ruxandra Donose, Ramon Vargas, Leontina V\u0103duva<\/strong> \u015fi o parte dintre <strong>cursan\u0163ii Salbek Opera Masterclass 2023.<\/strong><\/span><\/p>\n<p style=\"text-align: left;\"><span style=\"font-size: 105%;\">Cursurile se vor \u021bine \u00een mai multe localit\u0103\u0163i rurale din \u00eemprejurimile domeniului Salbek, \u00een comuna Petri\u0219, \u00eentr-un mediu potrivit at\u00e2t pentru studiu, c\u00e2t \u0219i pentru relaxare, \u00een perioada 23-26 august \u015fi se vor \u00eencheia pe 27 august cu participarea la repeti\u0163iile \u015fi la Gala Extraordinar\u0103 de Oper\u0103 de la Arad.<\/span><\/p>\n<p style=\"text-align: left;\"><span style=\"font-size: 105%;\">Un program unic de 5 zile \u00een care cei 20 de participan\u021bi vor beneficia, dincolo de ghidajul \u0219i \u00eendrum\u0103rile celor trei vedete interna\u021bionale, de <strong>posibilitatea de a participa ca asisten\u021bi sau parteneri de scen\u0103 la repeti\u021biile \u0219i la Gala Extraordinar\u0103 de Oper\u0103 din Pia\u0163a Prim\u0103riei din Arad, organizat\u0103 \u00een colaborare cu Centrul Municipal de Cultur\u0103 Arad.<\/strong><\/span><\/p>\n<p style=\"text-align: left;\"><span style=\"font-size: 105%;\">\u00cent\u00e2lnirile informale \u00eentre profesori \u015fi studen\u0163i din pauzele cursurilor vor avea loc pe esplanada din fa\u0163a castelului, sub forma unor <strong><em>opera picnic breaks.<\/em><\/strong><\/span><\/p>\n<p style=\"text-align: left;\"><span style=\"font-size: 105%;\">Tematica masterclass-ului va aborda, printre altele, subiecte diverse ale muzicii tradi\u021bionale rom\u00e2ne\u0219ti \u0219i est-europene \u0219i influen\u021ba temelor tradi\u021bionale \u00een muzica clasic\u0103 \u0219i cea contemporan\u0103, \u00eembin\u00e2nd tehnicile moderne de interpretare cu metodologia muzical\u0103. Prin urmare, proiectul va fi at\u00e2t inovator, c\u00e2t \u0219i atractiv datorit\u0103 abord\u0103rii sale interdisciplinare \u0219i multiculturale.<\/span><\/p>\n<p style=\"text-align: left;\"><span style=\"font-size: 105%;\">Lucrul \u00een astfel de grupuri interna\u021bionale \u00eencurajeaz\u0103 un schimb de tradi\u021bii culturale, practici de lucru, experien\u021be personale care contribuie la o bun\u0103 cunoa\u0219tere reciproc\u0103, \u00een cadrul dimensiunii interculturale a proiectului.<\/span><\/p>\n<p style=\"text-align: left;\">\u00a0<\/p>\n<p style=\"text-align: left;\"><span style=\"font-size: 105%;\"><a href=\"http:\/\/www.salbekoperafestival.ro\/ro\">salbekoperafestival.ro<\/a> \/\/ <a href=\"mailto:salbekoperamasterclass@gmail.com\">salbekoperamasterclass@gmail.com<\/a><\/span><\/p>\n<p style=\"text-align: left;\">\u00a0<\/p>\n<p style=\"text-align: left;\"><span style=\"font-size: 105%;\">Produc\u0103tor:\u00a0<strong>Asocia\u021bia Castel Salbek<br \/><\/strong>Partener oficial:\u00a0<strong>Erste Private Banking<br \/><\/strong>Parteneri: <strong>Medlife, Renovatio<br \/><\/strong>Cu sprijinul: <strong>Lion Capital<br \/><\/strong>Sponsori: <strong>Purcari, Aura, Chateau Valvis<br \/><\/strong><\/span><span style=\"font-size: 105%;\">Parteneri principali:\u00a0<strong>Centrul Municipal de Cultur\u0103 Arad,\u00a0Prim\u0103ria Municipiului Arad, Filarmonica de Stat din Arad<br \/><\/strong>Partener local:\u00a0<strong>Prim\u0103ria Petri\u0219<br \/><\/strong>Partener media :\u00a0<strong>Radio Rom\u00e2nia, Prima TV<\/strong><\/span><\/p>\n<div class=\"is-divider divider clearfix\" style=\"margin-top:25px;margin-bottom:25px;max-width:100%;\"><\/div>\n\t\t<\/div>\n\t\t\t\t\t<\/div>\n\n\t\n<\/div>\n","protected":false},"excerpt":{"rendered":"","protected":false},"author":1,"featured_media":769,"parent":0,"menu_order":0,"comment_status":"closed","ping_status":"closed","template":"","meta":{"footnotes":""},"_links":{"self":[{"href":"https:\/\/masterclass.salbekoperafestival.ro\/ro\/wp-json\/wp\/v2\/pages\/581"}],"collection":[{"href":"https:\/\/masterclass.salbekoperafestival.ro\/ro\/wp-json\/wp\/v2\/pages"}],"about":[{"href":"https:\/\/masterclass.salbekoperafestival.ro\/ro\/wp-json\/wp\/v2\/types\/page"}],"author":[{"embeddable":true,"href":"https:\/\/masterclass.salbekoperafestival.ro\/ro\/wp-json\/wp\/v2\/users\/1"}],"replies":[{"embeddable":true,"href":"https:\/\/masterclass.salbekoperafestival.ro\/ro\/wp-json\/wp\/v2\/comments?post=581"}],"version-history":[{"count":21,"href":"https:\/\/masterclass.salbekoperafestival.ro\/ro\/wp-json\/wp\/v2\/pages\/581\/revisions"}],"predecessor-version":[{"id":1043,"href":"https:\/\/masterclass.salbekoperafestival.ro\/ro\/wp-json\/wp\/v2\/pages\/581\/revisions\/1043"}],"wp:featuredmedia":[{"embeddable":true,"href":"https:\/\/masterclass.salbekoperafestival.ro\/ro\/wp-json\/wp\/v2\/media\/769"}],"wp:attachment":[{"href":"https:\/\/masterclass.salbekoperafestival.ro\/ro\/wp-json\/wp\/v2\/media?parent=581"}],"curies":[{"name":"wp","href":"https:\/\/api.w.org\/{rel}","templated":true}]}}